{"id":800,"date":"2020-02-07T07:44:21","date_gmt":"2020-02-07T06:44:21","guid":{"rendered":"https:\/\/www.neuchatelrando.ch\/?post_type=helpie_faq&#038;p=800"},"modified":"2020-02-07T16:37:22","modified_gmt":"2020-02-07T15:37:22","slug":"les-cyclistes-ont-ils-le-droit-de-rouler-sur-les-chemins-de-randonnee-pedestre","status":"publish","type":"helpie_faq","link":"https:\/\/neuchatelrando.ch\/fr\/helpie_faq\/les-cyclistes-ont-ils-le-droit-de-rouler-sur-les-chemins-de-randonnee-pedestre\/","title":{"rendered":"Les cyclistes ont-ils le droit de rouler sur les chemins de randonn\u00e9e p\u00e9destre ?"},"content":{"rendered":"<p>La Norme VSS 640 829a \u00abSignalisation du trafic lent\u00bb pr\u00e9cise que, lorsque des chemins de trafic lent suivent le m\u00eame trac\u00e9, il faut obtenir l\u2019autorisation des services cantonaux sp\u00e9cialis\u00e9s pour le trafic lent directement concern\u00e9s.<br \/>\nSuisse Rando s\u2019engage pour une cohabitation respectueuse, tol\u00e9rante et amicale des randonneurs et des cyclistes sur les chemins de randonn\u00e9e p\u00e9destre. Dans l\u2019int\u00e9r\u00eat des randonneurs comme des usagers \u00e0 VTT, il est essentiel que les itin\u00e9raires de randonn\u00e9e soient distincts des itin\u00e9raires pour VTT et ceci dans les cas suivants: sur les chemins tr\u00e8s fr\u00e9quent\u00e9s, sur certains tron\u00e7ons de chemin \u00e0 la descente et sur des chemins de moins de 2 m de large.<\/p>\n<p><a href=\"https:\/\/www.neuchatelrando.ch\/wp-content\/uploads\/2020\/02\/CoexistanceVTT_pedestre.pdf\" target=\"_blank\" rel=\"noopener noreferrer\">Plus d&rsquo;infos<\/a><\/p>\n<p>&nbsp;<\/p>\n","protected":false},"excerpt":{"rendered":"<p>La Norme VSS 640 829a \u00abSignalisation du trafic lent\u00bb pr\u00e9cise que, lorsque des chemins de trafic lent suivent le m\u00eame trac\u00e9, il faut obtenir l\u2019autorisation des services cantonaux sp\u00e9cialis\u00e9s pour&#8230;<\/p>\n","protected":false},"author":10,"featured_media":0,"menu_order":0,"comment_status":"closed","ping_status":"closed","template":"","format":"standard","meta":{"_acf_changed":false,"footnotes":""},"helpie_faq_category":[18],"helpie_faq_group":[],"class_list":{"0":"post-800","1":"helpie_faq","2":"type-helpie_faq","3":"status-publish","4":"format-standard","6":"helpie_faq_category-uncategorized-faq"},"acf":[],"yoast_head":"<!-- This site is optimized with the Yoast SEO plugin v27.5 - https:\/\/yoast.com\/product\/yoast-seo-wordpress\/ -->\n<title>Les cyclistes ont-ils le droit de rouler sur les chemins de randonn\u00e9e p\u00e9destre ? - Neuch\u00e2tel Rando<\/title>\n<meta name=\"robots\" content=\"index, follow, max-snippet:-1, max-image-preview:large, max-video-preview:-1\" \/>\n<link rel=\"canonical\" href=\"https:\/\/neuchatelrando.ch\/fr\/helpie_faq\/les-cyclistes-ont-ils-le-droit-de-rouler-sur-les-chemins-de-randonnee-pedestre\/\" \/>\n<meta property=\"og:locale\" content=\"fr_FR\" \/>\n<meta property=\"og:type\" content=\"article\" \/>\n<meta property=\"og:title\" content=\"Les cyclistes ont-ils le droit de rouler sur les chemins de randonn\u00e9e p\u00e9destre ? - Neuch\u00e2tel Rando\" \/>\n<meta property=\"og:description\" content=\"La Norme VSS 640 829a \u00abSignalisation du trafic lent\u00bb pr\u00e9cise que, lorsque des chemins de trafic lent suivent le m\u00eame trac\u00e9, il faut obtenir l\u2019autorisation des services cantonaux sp\u00e9cialis\u00e9s pour...\" \/>\n<meta property=\"og:url\" content=\"https:\/\/neuchatelrando.ch\/fr\/helpie_faq\/les-cyclistes-ont-ils-le-droit-de-rouler-sur-les-chemins-de-randonnee-pedestre\/\" \/>\n<meta property=\"og:site_name\" content=\"Neuch\u00e2tel Rando\" \/>\n<meta property=\"article:publisher\" content=\"https:\/\/www.facebook.com\/NeuchatelRando\/\" \/>\n<meta property=\"article:modified_time\" content=\"2020-02-07T15:37:22+00:00\" \/>\n<meta name=\"twitter:card\" content=\"summary_large_image\" \/>\n<meta name=\"twitter:label1\" content=\"Dur\u00e9e de lecture estim\u00e9e\" \/>\n\t<meta name=\"twitter:data1\" content=\"1 minute\" \/>\n<script type=\"application\/ld+json\" class=\"yoast-schema-graph\">{\"@context\":\"https:\\\/\\\/schema.org\",\"@graph\":[{\"@type\":\"WebPage\",\"@id\":\"https:\\\/\\\/neuchatelrando.ch\\\/fr\\\/helpie_faq\\\/les-cyclistes-ont-ils-le-droit-de-rouler-sur-les-chemins-de-randonnee-pedestre\\\/\",\"url\":\"https:\\\/\\\/neuchatelrando.ch\\\/fr\\\/helpie_faq\\\/les-cyclistes-ont-ils-le-droit-de-rouler-sur-les-chemins-de-randonnee-pedestre\\\/\",\"name\":\"Les cyclistes ont-ils le droit de rouler sur les chemins de randonn\u00e9e p\u00e9destre ? - Neuch\u00e2tel Rando\",\"isPartOf\":{\"@id\":\"https:\\\/\\\/neuchatelrando.ch\\\/fr\\\/#website\"},\"datePublished\":\"2020-02-07T06:44:21+00:00\",\"dateModified\":\"2020-02-07T15:37:22+00:00\",\"breadcrumb\":{\"@id\":\"https:\\\/\\\/neuchatelrando.ch\\\/fr\\\/helpie_faq\\\/les-cyclistes-ont-ils-le-droit-de-rouler-sur-les-chemins-de-randonnee-pedestre\\\/#breadcrumb\"},\"inLanguage\":\"fr-FR\",\"potentialAction\":[{\"@type\":\"ReadAction\",\"target\":[\"https:\\\/\\\/neuchatelrando.ch\\\/fr\\\/helpie_faq\\\/les-cyclistes-ont-ils-le-droit-de-rouler-sur-les-chemins-de-randonnee-pedestre\\\/\"]}]},{\"@type\":\"BreadcrumbList\",\"@id\":\"https:\\\/\\\/neuchatelrando.ch\\\/fr\\\/helpie_faq\\\/les-cyclistes-ont-ils-le-droit-de-rouler-sur-les-chemins-de-randonnee-pedestre\\\/#breadcrumb\",\"itemListElement\":[{\"@type\":\"ListItem\",\"position\":1,\"name\":\"Accueil\",\"item\":\"https:\\\/\\\/neuchatelrando.ch\\\/fr\\\/\"},{\"@type\":\"ListItem\",\"position\":2,\"name\":\"FAQs\",\"item\":\"https:\\\/\\\/neuchatelrando.ch\\\/fr\\\/helpie_faq\\\/\"},{\"@type\":\"ListItem\",\"position\":3,\"name\":\"Les cyclistes ont-ils le droit de rouler sur les chemins de randonn\u00e9e p\u00e9destre ?\"}]},{\"@type\":\"WebSite\",\"@id\":\"https:\\\/\\\/neuchatelrando.ch\\\/fr\\\/#website\",\"url\":\"https:\\\/\\\/neuchatelrando.ch\\\/fr\\\/\",\"name\":\"Neuch\u00e2tel Rando\",\"description\":\"Randonn\u00e9es p\u00e9destres en Pays de Neuch\u00e2tel\",\"publisher\":{\"@id\":\"https:\\\/\\\/neuchatelrando.ch\\\/fr\\\/#organization\"},\"potentialAction\":[{\"@type\":\"SearchAction\",\"target\":{\"@type\":\"EntryPoint\",\"urlTemplate\":\"https:\\\/\\\/neuchatelrando.ch\\\/fr\\\/?s={search_term_string}\"},\"query-input\":{\"@type\":\"PropertyValueSpecification\",\"valueRequired\":true,\"valueName\":\"search_term_string\"}}],\"inLanguage\":\"fr-FR\"},{\"@type\":\"Organization\",\"@id\":\"https:\\\/\\\/neuchatelrando.ch\\\/fr\\\/#organization\",\"name\":\"Neuch\u00e2tel Rando\",\"url\":\"https:\\\/\\\/neuchatelrando.ch\\\/fr\\\/\",\"logo\":{\"@type\":\"ImageObject\",\"inLanguage\":\"fr-FR\",\"@id\":\"https:\\\/\\\/neuchatelrando.ch\\\/fr\\\/#\\\/schema\\\/logo\\\/image\\\/\",\"url\":\"https:\\\/\\\/neuchatelrando.ch\\\/wp-content\\\/uploads\\\/2020\\\/02\\\/neuchatelrando-logo.svg\",\"contentUrl\":\"https:\\\/\\\/neuchatelrando.ch\\\/wp-content\\\/uploads\\\/2020\\\/02\\\/neuchatelrando-logo.svg\",\"width\":1,\"height\":1,\"caption\":\"Neuch\u00e2tel Rando\"},\"image\":{\"@id\":\"https:\\\/\\\/neuchatelrando.ch\\\/fr\\\/#\\\/schema\\\/logo\\\/image\\\/\"},\"sameAs\":[\"https:\\\/\\\/www.facebook.com\\\/NeuchatelRando\\\/\",\"https:\\\/\\\/www.instagram.com\\\/neuchatel.rando\\\/\"]}]}<\/script>\n<!-- \/ Yoast SEO plugin. -->","yoast_head_json":{"title":"Les cyclistes ont-ils le droit de rouler sur les chemins de randonn\u00e9e p\u00e9destre ? - Neuch\u00e2tel Rando","robots":{"index":"index","follow":"follow","max-snippet":"max-snippet:-1","max-image-preview":"max-image-preview:large","max-video-preview":"max-video-preview:-1"},"canonical":"https:\/\/neuchatelrando.ch\/fr\/helpie_faq\/les-cyclistes-ont-ils-le-droit-de-rouler-sur-les-chemins-de-randonnee-pedestre\/","og_locale":"fr_FR","og_type":"article","og_title":"Les cyclistes ont-ils le droit de rouler sur les chemins de randonn\u00e9e p\u00e9destre ? - Neuch\u00e2tel Rando","og_description":"La Norme VSS 640 829a \u00abSignalisation du trafic lent\u00bb pr\u00e9cise que, lorsque des chemins de trafic lent suivent le m\u00eame trac\u00e9, il faut obtenir l\u2019autorisation des services cantonaux sp\u00e9cialis\u00e9s pour...","og_url":"https:\/\/neuchatelrando.ch\/fr\/helpie_faq\/les-cyclistes-ont-ils-le-droit-de-rouler-sur-les-chemins-de-randonnee-pedestre\/","og_site_name":"Neuch\u00e2tel Rando","article_publisher":"https:\/\/www.facebook.com\/NeuchatelRando\/","article_modified_time":"2020-02-07T15:37:22+00:00","twitter_card":"summary_large_image","twitter_misc":{"Dur\u00e9e de lecture estim\u00e9e":"1 minute"},"schema":{"@context":"https:\/\/schema.org","@graph":[{"@type":"WebPage","@id":"https:\/\/neuchatelrando.ch\/fr\/helpie_faq\/les-cyclistes-ont-ils-le-droit-de-rouler-sur-les-chemins-de-randonnee-pedestre\/","url":"https:\/\/neuchatelrando.ch\/fr\/helpie_faq\/les-cyclistes-ont-ils-le-droit-de-rouler-sur-les-chemins-de-randonnee-pedestre\/","name":"Les cyclistes ont-ils le droit de rouler sur les chemins de randonn\u00e9e p\u00e9destre ? - Neuch\u00e2tel Rando","isPartOf":{"@id":"https:\/\/neuchatelrando.ch\/fr\/#website"},"datePublished":"2020-02-07T06:44:21+00:00","dateModified":"2020-02-07T15:37:22+00:00","breadcrumb":{"@id":"https:\/\/neuchatelrando.ch\/fr\/helpie_faq\/les-cyclistes-ont-ils-le-droit-de-rouler-sur-les-chemins-de-randonnee-pedestre\/#breadcrumb"},"inLanguage":"fr-FR","potentialAction":[{"@type":"ReadAction","target":["https:\/\/neuchatelrando.ch\/fr\/helpie_faq\/les-cyclistes-ont-ils-le-droit-de-rouler-sur-les-chemins-de-randonnee-pedestre\/"]}]},{"@type":"BreadcrumbList","@id":"https:\/\/neuchatelrando.ch\/fr\/helpie_faq\/les-cyclistes-ont-ils-le-droit-de-rouler-sur-les-chemins-de-randonnee-pedestre\/#breadcrumb","itemListElement":[{"@type":"ListItem","position":1,"name":"Accueil","item":"https:\/\/neuchatelrando.ch\/fr\/"},{"@type":"ListItem","position":2,"name":"FAQs","item":"https:\/\/neuchatelrando.ch\/fr\/helpie_faq\/"},{"@type":"ListItem","position":3,"name":"Les cyclistes ont-ils le droit de rouler sur les chemins de randonn\u00e9e p\u00e9destre ?"}]},{"@type":"WebSite","@id":"https:\/\/neuchatelrando.ch\/fr\/#website","url":"https:\/\/neuchatelrando.ch\/fr\/","name":"Neuch\u00e2tel Rando","description":"Randonn\u00e9es p\u00e9destres en Pays de Neuch\u00e2tel","publisher":{"@id":"https:\/\/neuchatelrando.ch\/fr\/#organization"},"potentialAction":[{"@type":"SearchAction","target":{"@type":"EntryPoint","urlTemplate":"https:\/\/neuchatelrando.ch\/fr\/?s={search_term_string}"},"query-input":{"@type":"PropertyValueSpecification","valueRequired":true,"valueName":"search_term_string"}}],"inLanguage":"fr-FR"},{"@type":"Organization","@id":"https:\/\/neuchatelrando.ch\/fr\/#organization","name":"Neuch\u00e2tel Rando","url":"https:\/\/neuchatelrando.ch\/fr\/","logo":{"@type":"ImageObject","inLanguage":"fr-FR","@id":"https:\/\/neuchatelrando.ch\/fr\/#\/schema\/logo\/image\/","url":"https:\/\/neuchatelrando.ch\/wp-content\/uploads\/2020\/02\/neuchatelrando-logo.svg","contentUrl":"https:\/\/neuchatelrando.ch\/wp-content\/uploads\/2020\/02\/neuchatelrando-logo.svg","width":1,"height":1,"caption":"Neuch\u00e2tel Rando"},"image":{"@id":"https:\/\/neuchatelrando.ch\/fr\/#\/schema\/logo\/image\/"},"sameAs":["https:\/\/www.facebook.com\/NeuchatelRando\/","https:\/\/www.instagram.com\/neuchatel.rando\/"]}]}},"_links":{"self":[{"href":"https:\/\/neuchatelrando.ch\/fr\/wp-json\/wp\/v2\/helpie_faq\/800","targetHints":{"allow":["GET"]}}],"collection":[{"href":"https:\/\/neuchatelrando.ch\/fr\/wp-json\/wp\/v2\/helpie_faq"}],"about":[{"href":"https:\/\/neuchatelrando.ch\/fr\/wp-json\/wp\/v2\/types\/helpie_faq"}],"author":[{"embeddable":true,"href":"https:\/\/neuchatelrando.ch\/fr\/wp-json\/wp\/v2\/users\/10"}],"replies":[{"embeddable":true,"href":"https:\/\/neuchatelrando.ch\/fr\/wp-json\/wp\/v2\/comments?post=800"}],"version-history":[{"count":2,"href":"https:\/\/neuchatelrando.ch\/fr\/wp-json\/wp\/v2\/helpie_faq\/800\/revisions"}],"predecessor-version":[{"id":864,"href":"https:\/\/neuchatelrando.ch\/fr\/wp-json\/wp\/v2\/helpie_faq\/800\/revisions\/864"}],"wp:attachment":[{"href":"https:\/\/neuchatelrando.ch\/fr\/wp-json\/wp\/v2\/media?parent=800"}],"wp:term":[{"taxonomy":"helpie_faq_category","embeddable":true,"href":"https:\/\/neuchatelrando.ch\/fr\/wp-json\/wp\/v2\/helpie_faq_category?post=800"},{"taxonomy":"helpie_faq_group","embeddable":true,"href":"https:\/\/neuchatelrando.ch\/fr\/wp-json\/wp\/v2\/helpie_faq_group?post=800"}],"curies":[{"name":"wp","href":"https:\/\/api.w.org\/{rel}","templated":true}]}}