{"id":794,"date":"2020-02-07T07:43:19","date_gmt":"2020-02-07T06:43:19","guid":{"rendered":"https:\/\/www.neuchatelrando.ch\/?post_type=helpie_faq&#038;p=794"},"modified":"2020-02-07T07:48:14","modified_gmt":"2020-02-07T06:48:14","slug":"qui-est-responsable-des-chemins-de-randonnee-pedestre","status":"publish","type":"helpie_faq","link":"https:\/\/neuchatelrando.ch\/fr\/helpie_faq\/qui-est-responsable-des-chemins-de-randonnee-pedestre\/","title":{"rendered":"Qui est responsable des chemins de randonn\u00e9e p\u00e9destre ?"},"content":{"rendered":"<p>D\u2019apr\u00e8s la Loi f\u00e9d\u00e9rale sur les chemins pour pi\u00e9tons et les chemins de randonn\u00e9e p\u00e9destre LCPR, les cantons sont responsables de la planification, de l\u2019am\u00e9nagement, de l\u2019entretien et de la signalisation des chemins de randonn\u00e9e p\u00e9destre. Les cantons peuvent cependant d\u00e9l\u00e9guer ces t\u00e2ches \u00e0 des organisations sp\u00e9cialis\u00e9es. C\u2019est ainsi que la r\u00e9partition des t\u00e2ches peut se faire de telle sorte que les cantons planifient les r\u00e9seaux de chemins de randonn\u00e9e et les \u00e9tablissent dans des plans directeurs \u00e0 caract\u00e8re obligatoire; les chemins sont ensuite am\u00e9nag\u00e9s et entretenus par les communes et balis\u00e9s par les associations cantonales de tourisme p\u00e9destre.<\/p>\n","protected":false},"excerpt":{"rendered":"<p>D\u2019apr\u00e8s la Loi f\u00e9d\u00e9rale sur les chemins pour pi\u00e9tons et les chemins de randonn\u00e9e p\u00e9destre LCPR, les cantons sont responsables de la planification, de l\u2019am\u00e9nagement, de l\u2019entretien et de la&#8230;<\/p>\n","protected":false},"author":10,"featured_media":0,"menu_order":0,"comment_status":"closed","ping_status":"closed","template":"","format":"standard","meta":{"_acf_changed":false,"footnotes":""},"helpie_faq_category":[18],"helpie_faq_group":[],"class_list":{"0":"post-794","1":"helpie_faq","2":"type-helpie_faq","3":"status-publish","4":"format-standard","6":"helpie_faq_category-uncategorized-faq"},"acf":[],"yoast_head":"<!-- This site is optimized with the Yoast SEO plugin v27.5 - https:\/\/yoast.com\/product\/yoast-seo-wordpress\/ -->\n<title>Qui est responsable des chemins de randonn\u00e9e p\u00e9destre ? - Neuch\u00e2tel Rando<\/title>\n<meta name=\"robots\" content=\"index, follow, max-snippet:-1, max-image-preview:large, max-video-preview:-1\" \/>\n<link rel=\"canonical\" href=\"https:\/\/neuchatelrando.ch\/fr\/helpie_faq\/qui-est-responsable-des-chemins-de-randonnee-pedestre\/\" \/>\n<meta property=\"og:locale\" content=\"fr_FR\" \/>\n<meta property=\"og:type\" content=\"article\" \/>\n<meta property=\"og:title\" content=\"Qui est responsable des chemins de randonn\u00e9e p\u00e9destre ? - Neuch\u00e2tel Rando\" \/>\n<meta property=\"og:description\" content=\"D\u2019apr\u00e8s la Loi f\u00e9d\u00e9rale sur les chemins pour pi\u00e9tons et les chemins de randonn\u00e9e p\u00e9destre LCPR, les cantons sont responsables de la planification, de l\u2019am\u00e9nagement, de l\u2019entretien et de la...\" \/>\n<meta property=\"og:url\" content=\"https:\/\/neuchatelrando.ch\/fr\/helpie_faq\/qui-est-responsable-des-chemins-de-randonnee-pedestre\/\" \/>\n<meta property=\"og:site_name\" content=\"Neuch\u00e2tel Rando\" \/>\n<meta property=\"article:publisher\" content=\"https:\/\/www.facebook.com\/NeuchatelRando\/\" \/>\n<meta property=\"article:modified_time\" content=\"2020-02-07T06:48:14+00:00\" \/>\n<meta name=\"twitter:card\" content=\"summary_large_image\" \/>\n<meta name=\"twitter:label1\" content=\"Dur\u00e9e de lecture estim\u00e9e\" \/>\n\t<meta name=\"twitter:data1\" content=\"1 minute\" \/>\n<script type=\"application\/ld+json\" class=\"yoast-schema-graph\">{\"@context\":\"https:\\\/\\\/schema.org\",\"@graph\":[{\"@type\":\"WebPage\",\"@id\":\"https:\\\/\\\/neuchatelrando.ch\\\/fr\\\/helpie_faq\\\/qui-est-responsable-des-chemins-de-randonnee-pedestre\\\/\",\"url\":\"https:\\\/\\\/neuchatelrando.ch\\\/fr\\\/helpie_faq\\\/qui-est-responsable-des-chemins-de-randonnee-pedestre\\\/\",\"name\":\"Qui est responsable des chemins de randonn\u00e9e p\u00e9destre ? - Neuch\u00e2tel Rando\",\"isPartOf\":{\"@id\":\"https:\\\/\\\/neuchatelrando.ch\\\/fr\\\/#website\"},\"datePublished\":\"2020-02-07T06:43:19+00:00\",\"dateModified\":\"2020-02-07T06:48:14+00:00\",\"breadcrumb\":{\"@id\":\"https:\\\/\\\/neuchatelrando.ch\\\/fr\\\/helpie_faq\\\/qui-est-responsable-des-chemins-de-randonnee-pedestre\\\/#breadcrumb\"},\"inLanguage\":\"fr-FR\",\"potentialAction\":[{\"@type\":\"ReadAction\",\"target\":[\"https:\\\/\\\/neuchatelrando.ch\\\/fr\\\/helpie_faq\\\/qui-est-responsable-des-chemins-de-randonnee-pedestre\\\/\"]}]},{\"@type\":\"BreadcrumbList\",\"@id\":\"https:\\\/\\\/neuchatelrando.ch\\\/fr\\\/helpie_faq\\\/qui-est-responsable-des-chemins-de-randonnee-pedestre\\\/#breadcrumb\",\"itemListElement\":[{\"@type\":\"ListItem\",\"position\":1,\"name\":\"Accueil\",\"item\":\"https:\\\/\\\/neuchatelrando.ch\\\/fr\\\/\"},{\"@type\":\"ListItem\",\"position\":2,\"name\":\"FAQs\",\"item\":\"https:\\\/\\\/neuchatelrando.ch\\\/fr\\\/helpie_faq\\\/\"},{\"@type\":\"ListItem\",\"position\":3,\"name\":\"Qui est responsable des chemins de randonn\u00e9e p\u00e9destre ?\"}]},{\"@type\":\"WebSite\",\"@id\":\"https:\\\/\\\/neuchatelrando.ch\\\/fr\\\/#website\",\"url\":\"https:\\\/\\\/neuchatelrando.ch\\\/fr\\\/\",\"name\":\"Neuch\u00e2tel Rando\",\"description\":\"Randonn\u00e9es p\u00e9destres en Pays de Neuch\u00e2tel\",\"publisher\":{\"@id\":\"https:\\\/\\\/neuchatelrando.ch\\\/fr\\\/#organization\"},\"potentialAction\":[{\"@type\":\"SearchAction\",\"target\":{\"@type\":\"EntryPoint\",\"urlTemplate\":\"https:\\\/\\\/neuchatelrando.ch\\\/fr\\\/?s={search_term_string}\"},\"query-input\":{\"@type\":\"PropertyValueSpecification\",\"valueRequired\":true,\"valueName\":\"search_term_string\"}}],\"inLanguage\":\"fr-FR\"},{\"@type\":\"Organization\",\"@id\":\"https:\\\/\\\/neuchatelrando.ch\\\/fr\\\/#organization\",\"name\":\"Neuch\u00e2tel Rando\",\"url\":\"https:\\\/\\\/neuchatelrando.ch\\\/fr\\\/\",\"logo\":{\"@type\":\"ImageObject\",\"inLanguage\":\"fr-FR\",\"@id\":\"https:\\\/\\\/neuchatelrando.ch\\\/fr\\\/#\\\/schema\\\/logo\\\/image\\\/\",\"url\":\"https:\\\/\\\/neuchatelrando.ch\\\/wp-content\\\/uploads\\\/2020\\\/02\\\/neuchatelrando-logo.svg\",\"contentUrl\":\"https:\\\/\\\/neuchatelrando.ch\\\/wp-content\\\/uploads\\\/2020\\\/02\\\/neuchatelrando-logo.svg\",\"width\":1,\"height\":1,\"caption\":\"Neuch\u00e2tel Rando\"},\"image\":{\"@id\":\"https:\\\/\\\/neuchatelrando.ch\\\/fr\\\/#\\\/schema\\\/logo\\\/image\\\/\"},\"sameAs\":[\"https:\\\/\\\/www.facebook.com\\\/NeuchatelRando\\\/\",\"https:\\\/\\\/www.instagram.com\\\/neuchatel.rando\\\/\"]}]}<\/script>\n<!-- \/ Yoast SEO plugin. -->","yoast_head_json":{"title":"Qui est responsable des chemins de randonn\u00e9e p\u00e9destre ? - Neuch\u00e2tel Rando","robots":{"index":"index","follow":"follow","max-snippet":"max-snippet:-1","max-image-preview":"max-image-preview:large","max-video-preview":"max-video-preview:-1"},"canonical":"https:\/\/neuchatelrando.ch\/fr\/helpie_faq\/qui-est-responsable-des-chemins-de-randonnee-pedestre\/","og_locale":"fr_FR","og_type":"article","og_title":"Qui est responsable des chemins de randonn\u00e9e p\u00e9destre ? - Neuch\u00e2tel Rando","og_description":"D\u2019apr\u00e8s la Loi f\u00e9d\u00e9rale sur les chemins pour pi\u00e9tons et les chemins de randonn\u00e9e p\u00e9destre LCPR, les cantons sont responsables de la planification, de l\u2019am\u00e9nagement, de l\u2019entretien et de la...","og_url":"https:\/\/neuchatelrando.ch\/fr\/helpie_faq\/qui-est-responsable-des-chemins-de-randonnee-pedestre\/","og_site_name":"Neuch\u00e2tel Rando","article_publisher":"https:\/\/www.facebook.com\/NeuchatelRando\/","article_modified_time":"2020-02-07T06:48:14+00:00","twitter_card":"summary_large_image","twitter_misc":{"Dur\u00e9e de lecture estim\u00e9e":"1 minute"},"schema":{"@context":"https:\/\/schema.org","@graph":[{"@type":"WebPage","@id":"https:\/\/neuchatelrando.ch\/fr\/helpie_faq\/qui-est-responsable-des-chemins-de-randonnee-pedestre\/","url":"https:\/\/neuchatelrando.ch\/fr\/helpie_faq\/qui-est-responsable-des-chemins-de-randonnee-pedestre\/","name":"Qui est responsable des chemins de randonn\u00e9e p\u00e9destre ? - Neuch\u00e2tel Rando","isPartOf":{"@id":"https:\/\/neuchatelrando.ch\/fr\/#website"},"datePublished":"2020-02-07T06:43:19+00:00","dateModified":"2020-02-07T06:48:14+00:00","breadcrumb":{"@id":"https:\/\/neuchatelrando.ch\/fr\/helpie_faq\/qui-est-responsable-des-chemins-de-randonnee-pedestre\/#breadcrumb"},"inLanguage":"fr-FR","potentialAction":[{"@type":"ReadAction","target":["https:\/\/neuchatelrando.ch\/fr\/helpie_faq\/qui-est-responsable-des-chemins-de-randonnee-pedestre\/"]}]},{"@type":"BreadcrumbList","@id":"https:\/\/neuchatelrando.ch\/fr\/helpie_faq\/qui-est-responsable-des-chemins-de-randonnee-pedestre\/#breadcrumb","itemListElement":[{"@type":"ListItem","position":1,"name":"Accueil","item":"https:\/\/neuchatelrando.ch\/fr\/"},{"@type":"ListItem","position":2,"name":"FAQs","item":"https:\/\/neuchatelrando.ch\/fr\/helpie_faq\/"},{"@type":"ListItem","position":3,"name":"Qui est responsable des chemins de randonn\u00e9e p\u00e9destre ?"}]},{"@type":"WebSite","@id":"https:\/\/neuchatelrando.ch\/fr\/#website","url":"https:\/\/neuchatelrando.ch\/fr\/","name":"Neuch\u00e2tel Rando","description":"Randonn\u00e9es p\u00e9destres en Pays de Neuch\u00e2tel","publisher":{"@id":"https:\/\/neuchatelrando.ch\/fr\/#organization"},"potentialAction":[{"@type":"SearchAction","target":{"@type":"EntryPoint","urlTemplate":"https:\/\/neuchatelrando.ch\/fr\/?s={search_term_string}"},"query-input":{"@type":"PropertyValueSpecification","valueRequired":true,"valueName":"search_term_string"}}],"inLanguage":"fr-FR"},{"@type":"Organization","@id":"https:\/\/neuchatelrando.ch\/fr\/#organization","name":"Neuch\u00e2tel Rando","url":"https:\/\/neuchatelrando.ch\/fr\/","logo":{"@type":"ImageObject","inLanguage":"fr-FR","@id":"https:\/\/neuchatelrando.ch\/fr\/#\/schema\/logo\/image\/","url":"https:\/\/neuchatelrando.ch\/wp-content\/uploads\/2020\/02\/neuchatelrando-logo.svg","contentUrl":"https:\/\/neuchatelrando.ch\/wp-content\/uploads\/2020\/02\/neuchatelrando-logo.svg","width":1,"height":1,"caption":"Neuch\u00e2tel Rando"},"image":{"@id":"https:\/\/neuchatelrando.ch\/fr\/#\/schema\/logo\/image\/"},"sameAs":["https:\/\/www.facebook.com\/NeuchatelRando\/","https:\/\/www.instagram.com\/neuchatel.rando\/"]}]}},"_links":{"self":[{"href":"https:\/\/neuchatelrando.ch\/fr\/wp-json\/wp\/v2\/helpie_faq\/794","targetHints":{"allow":["GET"]}}],"collection":[{"href":"https:\/\/neuchatelrando.ch\/fr\/wp-json\/wp\/v2\/helpie_faq"}],"about":[{"href":"https:\/\/neuchatelrando.ch\/fr\/wp-json\/wp\/v2\/types\/helpie_faq"}],"author":[{"embeddable":true,"href":"https:\/\/neuchatelrando.ch\/fr\/wp-json\/wp\/v2\/users\/10"}],"replies":[{"embeddable":true,"href":"https:\/\/neuchatelrando.ch\/fr\/wp-json\/wp\/v2\/comments?post=794"}],"version-history":[{"count":1,"href":"https:\/\/neuchatelrando.ch\/fr\/wp-json\/wp\/v2\/helpie_faq\/794\/revisions"}],"predecessor-version":[{"id":795,"href":"https:\/\/neuchatelrando.ch\/fr\/wp-json\/wp\/v2\/helpie_faq\/794\/revisions\/795"}],"wp:attachment":[{"href":"https:\/\/neuchatelrando.ch\/fr\/wp-json\/wp\/v2\/media?parent=794"}],"wp:term":[{"taxonomy":"helpie_faq_category","embeddable":true,"href":"https:\/\/neuchatelrando.ch\/fr\/wp-json\/wp\/v2\/helpie_faq_category?post=794"},{"taxonomy":"helpie_faq_group","embeddable":true,"href":"https:\/\/neuchatelrando.ch\/fr\/wp-json\/wp\/v2\/helpie_faq_group?post=794"}],"curies":[{"name":"wp","href":"https:\/\/api.w.org\/{rel}","templated":true}]}}