{"id":2022,"date":"2021-03-03T17:07:16","date_gmt":"2021-03-03T16:07:16","guid":{"rendered":"https:\/\/neuchatelrando.ch\/fr\/?post_type=helpie_faq&#038;p=2022"},"modified":"2021-03-03T17:07:16","modified_gmt":"2021-03-03T16:07:16","slug":"et-les-fleches-rouge-grenat-quon-rencontre-frequemment","status":"publish","type":"helpie_faq","link":"https:\/\/neuchatelrando.ch\/fr\/helpie_faq\/et-les-fleches-rouge-grenat-quon-rencontre-frequemment\/","title":{"rendered":"Et les fl\u00e8ches rouge-grenat qu\u2019on rencontre fr\u00e9quemment ?"},"content":{"rendered":"<p>Il s\u2019agit des indicateurs destin\u00e9s aux cyclistes et aux v\u00e9t\u00e9tistes. En principe ces itin\u00e9raires pr\u00e9sentent un parcours diff\u00e9rent de celui du r\u00e9seau p\u00e9destre officiel. Il peut co\u00efncider l\u00e0 o\u00f9 la largeur des chemins le permet.<\/p>\n<p>Quoi qu\u2019il en soit &#8211; et en toutes circonstances &#8211; le respect et la tol\u00e9rance s\u2019imposent entre marcheurs et cyclistes.<\/p>\n","protected":false},"excerpt":{"rendered":"<p>Il s\u2019agit des indicateurs destin\u00e9s aux cyclistes et aux v\u00e9t\u00e9tistes. En principe ces itin\u00e9raires pr\u00e9sentent un parcours diff\u00e9rent de celui du r\u00e9seau p\u00e9destre officiel. Il peut co\u00efncider l\u00e0 o\u00f9 la&#8230;<\/p>\n","protected":false},"author":10,"featured_media":0,"menu_order":0,"comment_status":"closed","ping_status":"closed","template":"","format":"standard","meta":{"_acf_changed":false,"footnotes":""},"helpie_faq_category":[18],"helpie_faq_group":[],"class_list":{"0":"post-2022","1":"helpie_faq","2":"type-helpie_faq","3":"status-publish","4":"format-standard","6":"helpie_faq_category-uncategorized-faq"},"acf":[],"yoast_head":"<!-- This site is optimized with the Yoast SEO plugin v27.5 - https:\/\/yoast.com\/product\/yoast-seo-wordpress\/ -->\n<title>Et les fl\u00e8ches rouge-grenat qu\u2019on rencontre fr\u00e9quemment ? - Neuch\u00e2tel Rando<\/title>\n<meta name=\"robots\" content=\"index, follow, max-snippet:-1, max-image-preview:large, max-video-preview:-1\" \/>\n<link rel=\"canonical\" href=\"https:\/\/neuchatelrando.ch\/fr\/helpie_faq\/et-les-fleches-rouge-grenat-quon-rencontre-frequemment\/\" \/>\n<meta property=\"og:locale\" content=\"fr_FR\" \/>\n<meta property=\"og:type\" content=\"article\" \/>\n<meta property=\"og:title\" content=\"Et les fl\u00e8ches rouge-grenat qu\u2019on rencontre fr\u00e9quemment ? - Neuch\u00e2tel Rando\" \/>\n<meta property=\"og:description\" content=\"Il s\u2019agit des indicateurs destin\u00e9s aux cyclistes et aux v\u00e9t\u00e9tistes. En principe ces itin\u00e9raires pr\u00e9sentent un parcours diff\u00e9rent de celui du r\u00e9seau p\u00e9destre officiel. Il peut co\u00efncider l\u00e0 o\u00f9 la...\" \/>\n<meta property=\"og:url\" content=\"https:\/\/neuchatelrando.ch\/fr\/helpie_faq\/et-les-fleches-rouge-grenat-quon-rencontre-frequemment\/\" \/>\n<meta property=\"og:site_name\" content=\"Neuch\u00e2tel Rando\" \/>\n<meta property=\"article:publisher\" content=\"https:\/\/www.facebook.com\/NeuchatelRando\/\" \/>\n<meta name=\"twitter:card\" content=\"summary_large_image\" \/>\n<meta name=\"twitter:label1\" content=\"Dur\u00e9e de lecture estim\u00e9e\" \/>\n\t<meta name=\"twitter:data1\" content=\"1 minute\" \/>\n<script type=\"application\/ld+json\" class=\"yoast-schema-graph\">{\"@context\":\"https:\\\/\\\/schema.org\",\"@graph\":[{\"@type\":\"WebPage\",\"@id\":\"https:\\\/\\\/neuchatelrando.ch\\\/fr\\\/helpie_faq\\\/et-les-fleches-rouge-grenat-quon-rencontre-frequemment\\\/\",\"url\":\"https:\\\/\\\/neuchatelrando.ch\\\/fr\\\/helpie_faq\\\/et-les-fleches-rouge-grenat-quon-rencontre-frequemment\\\/\",\"name\":\"Et les fl\u00e8ches rouge-grenat qu\u2019on rencontre fr\u00e9quemment ? - Neuch\u00e2tel Rando\",\"isPartOf\":{\"@id\":\"https:\\\/\\\/neuchatelrando.ch\\\/fr\\\/#website\"},\"datePublished\":\"2021-03-03T16:07:16+00:00\",\"breadcrumb\":{\"@id\":\"https:\\\/\\\/neuchatelrando.ch\\\/fr\\\/helpie_faq\\\/et-les-fleches-rouge-grenat-quon-rencontre-frequemment\\\/#breadcrumb\"},\"inLanguage\":\"fr-FR\",\"potentialAction\":[{\"@type\":\"ReadAction\",\"target\":[\"https:\\\/\\\/neuchatelrando.ch\\\/fr\\\/helpie_faq\\\/et-les-fleches-rouge-grenat-quon-rencontre-frequemment\\\/\"]}]},{\"@type\":\"BreadcrumbList\",\"@id\":\"https:\\\/\\\/neuchatelrando.ch\\\/fr\\\/helpie_faq\\\/et-les-fleches-rouge-grenat-quon-rencontre-frequemment\\\/#breadcrumb\",\"itemListElement\":[{\"@type\":\"ListItem\",\"position\":1,\"name\":\"Accueil\",\"item\":\"https:\\\/\\\/neuchatelrando.ch\\\/fr\\\/\"},{\"@type\":\"ListItem\",\"position\":2,\"name\":\"FAQs\",\"item\":\"https:\\\/\\\/neuchatelrando.ch\\\/fr\\\/helpie_faq\\\/\"},{\"@type\":\"ListItem\",\"position\":3,\"name\":\"Et les fl\u00e8ches rouge-grenat qu\u2019on rencontre fr\u00e9quemment ?\"}]},{\"@type\":\"WebSite\",\"@id\":\"https:\\\/\\\/neuchatelrando.ch\\\/fr\\\/#website\",\"url\":\"https:\\\/\\\/neuchatelrando.ch\\\/fr\\\/\",\"name\":\"Neuch\u00e2tel Rando\",\"description\":\"Randonn\u00e9es p\u00e9destres en Pays de Neuch\u00e2tel\",\"publisher\":{\"@id\":\"https:\\\/\\\/neuchatelrando.ch\\\/fr\\\/#organization\"},\"potentialAction\":[{\"@type\":\"SearchAction\",\"target\":{\"@type\":\"EntryPoint\",\"urlTemplate\":\"https:\\\/\\\/neuchatelrando.ch\\\/fr\\\/?s={search_term_string}\"},\"query-input\":{\"@type\":\"PropertyValueSpecification\",\"valueRequired\":true,\"valueName\":\"search_term_string\"}}],\"inLanguage\":\"fr-FR\"},{\"@type\":\"Organization\",\"@id\":\"https:\\\/\\\/neuchatelrando.ch\\\/fr\\\/#organization\",\"name\":\"Neuch\u00e2tel Rando\",\"url\":\"https:\\\/\\\/neuchatelrando.ch\\\/fr\\\/\",\"logo\":{\"@type\":\"ImageObject\",\"inLanguage\":\"fr-FR\",\"@id\":\"https:\\\/\\\/neuchatelrando.ch\\\/fr\\\/#\\\/schema\\\/logo\\\/image\\\/\",\"url\":\"https:\\\/\\\/neuchatelrando.ch\\\/wp-content\\\/uploads\\\/2020\\\/02\\\/neuchatelrando-logo.svg\",\"contentUrl\":\"https:\\\/\\\/neuchatelrando.ch\\\/wp-content\\\/uploads\\\/2020\\\/02\\\/neuchatelrando-logo.svg\",\"width\":1,\"height\":1,\"caption\":\"Neuch\u00e2tel Rando\"},\"image\":{\"@id\":\"https:\\\/\\\/neuchatelrando.ch\\\/fr\\\/#\\\/schema\\\/logo\\\/image\\\/\"},\"sameAs\":[\"https:\\\/\\\/www.facebook.com\\\/NeuchatelRando\\\/\",\"https:\\\/\\\/www.instagram.com\\\/neuchatel.rando\\\/\"]}]}<\/script>\n<!-- \/ Yoast SEO plugin. -->","yoast_head_json":{"title":"Et les fl\u00e8ches rouge-grenat qu\u2019on rencontre fr\u00e9quemment ? - Neuch\u00e2tel Rando","robots":{"index":"index","follow":"follow","max-snippet":"max-snippet:-1","max-image-preview":"max-image-preview:large","max-video-preview":"max-video-preview:-1"},"canonical":"https:\/\/neuchatelrando.ch\/fr\/helpie_faq\/et-les-fleches-rouge-grenat-quon-rencontre-frequemment\/","og_locale":"fr_FR","og_type":"article","og_title":"Et les fl\u00e8ches rouge-grenat qu\u2019on rencontre fr\u00e9quemment ? - Neuch\u00e2tel Rando","og_description":"Il s\u2019agit des indicateurs destin\u00e9s aux cyclistes et aux v\u00e9t\u00e9tistes. En principe ces itin\u00e9raires pr\u00e9sentent un parcours diff\u00e9rent de celui du r\u00e9seau p\u00e9destre officiel. Il peut co\u00efncider l\u00e0 o\u00f9 la...","og_url":"https:\/\/neuchatelrando.ch\/fr\/helpie_faq\/et-les-fleches-rouge-grenat-quon-rencontre-frequemment\/","og_site_name":"Neuch\u00e2tel Rando","article_publisher":"https:\/\/www.facebook.com\/NeuchatelRando\/","twitter_card":"summary_large_image","twitter_misc":{"Dur\u00e9e de lecture estim\u00e9e":"1 minute"},"schema":{"@context":"https:\/\/schema.org","@graph":[{"@type":"WebPage","@id":"https:\/\/neuchatelrando.ch\/fr\/helpie_faq\/et-les-fleches-rouge-grenat-quon-rencontre-frequemment\/","url":"https:\/\/neuchatelrando.ch\/fr\/helpie_faq\/et-les-fleches-rouge-grenat-quon-rencontre-frequemment\/","name":"Et les fl\u00e8ches rouge-grenat qu\u2019on rencontre fr\u00e9quemment ? - Neuch\u00e2tel Rando","isPartOf":{"@id":"https:\/\/neuchatelrando.ch\/fr\/#website"},"datePublished":"2021-03-03T16:07:16+00:00","breadcrumb":{"@id":"https:\/\/neuchatelrando.ch\/fr\/helpie_faq\/et-les-fleches-rouge-grenat-quon-rencontre-frequemment\/#breadcrumb"},"inLanguage":"fr-FR","potentialAction":[{"@type":"ReadAction","target":["https:\/\/neuchatelrando.ch\/fr\/helpie_faq\/et-les-fleches-rouge-grenat-quon-rencontre-frequemment\/"]}]},{"@type":"BreadcrumbList","@id":"https:\/\/neuchatelrando.ch\/fr\/helpie_faq\/et-les-fleches-rouge-grenat-quon-rencontre-frequemment\/#breadcrumb","itemListElement":[{"@type":"ListItem","position":1,"name":"Accueil","item":"https:\/\/neuchatelrando.ch\/fr\/"},{"@type":"ListItem","position":2,"name":"FAQs","item":"https:\/\/neuchatelrando.ch\/fr\/helpie_faq\/"},{"@type":"ListItem","position":3,"name":"Et les fl\u00e8ches rouge-grenat qu\u2019on rencontre fr\u00e9quemment ?"}]},{"@type":"WebSite","@id":"https:\/\/neuchatelrando.ch\/fr\/#website","url":"https:\/\/neuchatelrando.ch\/fr\/","name":"Neuch\u00e2tel Rando","description":"Randonn\u00e9es p\u00e9destres en Pays de Neuch\u00e2tel","publisher":{"@id":"https:\/\/neuchatelrando.ch\/fr\/#organization"},"potentialAction":[{"@type":"SearchAction","target":{"@type":"EntryPoint","urlTemplate":"https:\/\/neuchatelrando.ch\/fr\/?s={search_term_string}"},"query-input":{"@type":"PropertyValueSpecification","valueRequired":true,"valueName":"search_term_string"}}],"inLanguage":"fr-FR"},{"@type":"Organization","@id":"https:\/\/neuchatelrando.ch\/fr\/#organization","name":"Neuch\u00e2tel Rando","url":"https:\/\/neuchatelrando.ch\/fr\/","logo":{"@type":"ImageObject","inLanguage":"fr-FR","@id":"https:\/\/neuchatelrando.ch\/fr\/#\/schema\/logo\/image\/","url":"https:\/\/neuchatelrando.ch\/wp-content\/uploads\/2020\/02\/neuchatelrando-logo.svg","contentUrl":"https:\/\/neuchatelrando.ch\/wp-content\/uploads\/2020\/02\/neuchatelrando-logo.svg","width":1,"height":1,"caption":"Neuch\u00e2tel Rando"},"image":{"@id":"https:\/\/neuchatelrando.ch\/fr\/#\/schema\/logo\/image\/"},"sameAs":["https:\/\/www.facebook.com\/NeuchatelRando\/","https:\/\/www.instagram.com\/neuchatel.rando\/"]}]}},"_links":{"self":[{"href":"https:\/\/neuchatelrando.ch\/fr\/wp-json\/wp\/v2\/helpie_faq\/2022","targetHints":{"allow":["GET"]}}],"collection":[{"href":"https:\/\/neuchatelrando.ch\/fr\/wp-json\/wp\/v2\/helpie_faq"}],"about":[{"href":"https:\/\/neuchatelrando.ch\/fr\/wp-json\/wp\/v2\/types\/helpie_faq"}],"author":[{"embeddable":true,"href":"https:\/\/neuchatelrando.ch\/fr\/wp-json\/wp\/v2\/users\/10"}],"replies":[{"embeddable":true,"href":"https:\/\/neuchatelrando.ch\/fr\/wp-json\/wp\/v2\/comments?post=2022"}],"version-history":[{"count":1,"href":"https:\/\/neuchatelrando.ch\/fr\/wp-json\/wp\/v2\/helpie_faq\/2022\/revisions"}],"predecessor-version":[{"id":2023,"href":"https:\/\/neuchatelrando.ch\/fr\/wp-json\/wp\/v2\/helpie_faq\/2022\/revisions\/2023"}],"wp:attachment":[{"href":"https:\/\/neuchatelrando.ch\/fr\/wp-json\/wp\/v2\/media?parent=2022"}],"wp:term":[{"taxonomy":"helpie_faq_category","embeddable":true,"href":"https:\/\/neuchatelrando.ch\/fr\/wp-json\/wp\/v2\/helpie_faq_category?post=2022"},{"taxonomy":"helpie_faq_group","embeddable":true,"href":"https:\/\/neuchatelrando.ch\/fr\/wp-json\/wp\/v2\/helpie_faq_group?post=2022"}],"curies":[{"name":"wp","href":"https:\/\/api.w.org\/{rel}","templated":true}]}}